{"id":293695,"date":"2025-01-30T07:07:25","date_gmt":"2025-01-30T06:07:25","guid":{"rendered":"https:\/\/oscarssonsbil.se\/salda_bilar\/dodge-charger-383-727-1968-verkauft\/"},"modified":"2025-06-17T14:36:50","modified_gmt":"2025-06-17T12:36:50","slug":"dodge-charger-383-727-1968-verkauft","status":"publish","type":"salda_bilar","link":"https:\/\/oscarssonsbil.se\/de\/salda_bilar\/dodge-charger-383-727-1968-verkauft\/","title":{"rendered":"Dodge Charger 383\/727 1968 (Verkauft)"},"content":{"rendered":"<p>  Verkauft.<\/p>\n<p>1968 Dodge Charger!<\/p>\n<p>Wei\u00df mit schwarzem Vinyldach und schwarzer Innenausstattung.<br \/>383 \/ 727, separate Solar- und Bodenkonsole.<br \/>Mit Edelbrock-Vergasern, Aluminium-Deckeln, neuer Z\u00fcndung, neuer Lichtmaschine <br \/>Neuer Satz Scheibenbremsen vorne mit Bremskraftverst\u00e4rker, Lenkservo, elektrischer Vakuumpumpe f\u00fcr den Bremskraftverst\u00e4rker<br \/>Doppelte 3&#8243;-Auspuffanlage mit applizierten Schalld\u00e4mpfern und Ausschnitten, die den Wagen richtig gut klingen l\u00e4sst!<br \/>Frontscheinwerfer umger\u00fcstet auf h4 mit led, so gut und sch\u00f6n hell <br \/>Racemaster 15&#8243; mit 295 hinten, gegangen max 20mil.<br \/>Die Innenausstattung ist wirklich sch\u00f6n und der Zustand des Wagens ist meiner Meinung nach insgesamt gut.  <br \/>Der Motor klingt schnell und sch\u00f6n, es ist wahrscheinlich eine etwas sch\u00e4rfere Nocke drin und das Auto l\u00e4uft insgesamt sehr sch\u00f6n!<br \/>Das Auto hat eine \u00e4ltere Renovierung, ist in gutem Zustand und macht einen guten Gesamteindruck!<\/p>\n<p>F\u00fcr weitere Informationen rufen Sie Thomas unter 0530-40400 an.<\/p>\n<p>Oscarssons Bil AB wurde 1981 von Jan Oscarsson gegr\u00fcndet und wird heute, 42 Jahre sp\u00e4ter, immer noch von Jan und seinem Bruder Thomas Oscarsson und seinen Mitarbeitern gef\u00fchrt. Wir haben seit unserer Gr\u00fcndung etwa 13.000 Fahrzeuge verkauft und verf\u00fcgen \u00fcber die h\u00f6chste Kreditw\u00fcrdigkeit, so dass Sie sich vertrauensvoll an uns wenden k\u00f6nnen, wenn Sie Gesch\u00e4fte machen wollen!<br \/>WIR KAUFEN, TAUSCHEN, VERKAUFEN, FINANZIEREN UND VERKAUFEN IHR AUTO F\u00dcR SIE, WENN SIE ES W\u00dcNSCHEN!<br \/>Wenn Sie m\u00f6chten, k\u00f6nnen wir auch die Anzahlung organisieren!<br \/>Wir konzentrieren uns jetzt auf wirklich sch\u00f6ne Autos aus den USA und andere Liebhaberfahrzeuge aus den Jahren 1950-1970, was unsere Leidenschaft, unser Hobby und unsere Arbeit ist!<br \/>Aber wir arbeiten auch mit neueren Transportern und Autos!<br \/>Willkommen bei uns in Mellerud, das am V\u00e4nernsee auf halbem Weg zwischen Karlstad und G\u00f6teborg liegt!<\/p>\n<p>www.oscarssonsbil.se<\/p>\n<p>HINWEIS: Wir haben jetzt keine festen \u00d6ffnungszeiten, wir sind in der Regel wochentags von 10-17 Uhr vor Ort, aber wenn Sie etwas vorhaben, empfehlen wir Ihnen, uns vorher anzurufen unter 0530-40402.<br \/>Samstag-Sonntag geschlossen, aber wir buchen gerne Termine fr\u00fch, sp\u00e4t oder am Wochenende, wenn Sie ernsthaft auf etwas spekulieren!<\/p>\n","protected":false},"featured_media":286903,"template":"","class_list":["post-293695","salda_bilar","type-salda_bilar","status-publish","has-post-thumbnail","hentry"],"acf":[],"yoast_head":"<!-- This site is optimized with the Yoast SEO plugin v25.7 - https:\/\/yoast.com\/wordpress\/plugins\/seo\/ -->\n<title>Dodge Charger 383\/727 1968 (Verkauft) - Oscarssons Bilhandel i Mellerud AB<\/title>\n<meta name=\"robots\" content=\"index, follow, max-snippet:-1, max-image-preview:large, max-video-preview:-1\" \/>\n<link rel=\"canonical\" href=\"https:\/\/oscarssonsbil.se\/de\/salda_bilar\/dodge-charger-383-727-1968-verkauft\/\" \/>\n<meta property=\"og:locale\" content=\"de_DE\" \/>\n<meta property=\"og:type\" content=\"article\" \/>\n<meta property=\"og:title\" content=\"Dodge Charger 383\/727 1968 (Verkauft) - Oscarssons Bilhandel i Mellerud AB\" \/>\n<meta property=\"og:description\" content=\"Verkauft. 1968 Dodge Charger! Wei\u00df mit schwarzem Vinyldach und schwarzer Innenausstattung.383 \/ 727, separate Solar- und Bodenkonsole.Mit Edelbrock-Vergasern, Aluminium-Deckeln, neuer Z\u00fcndung, neuer Lichtmaschine Neuer Satz Scheibenbremsen vorne mit Bremskraftverst\u00e4rker, Lenkservo, elektrischer Vakuumpumpe f\u00fcr den Bremskraftverst\u00e4rkerDoppelte 3&#8243;-Auspuffanlage mit applizierten Schalld\u00e4mpfern und Ausschnitten, die den Wagen richtig gut klingen l\u00e4sst!Frontscheinwerfer umger\u00fcstet auf h4 mit led, so gut [&hellip;]\" \/>\n<meta property=\"og:url\" content=\"https:\/\/oscarssonsbil.se\/de\/salda_bilar\/dodge-charger-383-727-1968-verkauft\/\" \/>\n<meta property=\"og:site_name\" content=\"Oscarssons Bilhandel i Mellerud AB\" \/>\n<meta property=\"article:publisher\" content=\"https:\/\/www.facebook.com\/OscarssonsBil\" \/>\n<meta property=\"article:modified_time\" content=\"2025-06-17T12:36:50+00:00\" \/>\n<meta property=\"og:image\" content=\"https:\/\/oscarssonsbil.se\/wp-content\/uploads\/2025\/01\/6826b3fb.jpg\" \/>\n\t<meta property=\"og:image:width\" content=\"800\" \/>\n\t<meta property=\"og:image:height\" content=\"600\" \/>\n\t<meta property=\"og:image:type\" content=\"image\/jpeg\" \/>\n<meta name=\"twitter:card\" content=\"summary_large_image\" \/>\n<meta name=\"twitter:label1\" content=\"Gesch\u00e4tzte Lesezeit\" \/>\n\t<meta name=\"twitter:data1\" content=\"2\u00a0Minuten\" \/>\n<script type=\"application\/ld+json\" class=\"yoast-schema-graph\">{\"@context\":\"https:\/\/schema.org\",\"@graph\":[{\"@type\":\"WebPage\",\"@id\":\"https:\/\/oscarssonsbil.se\/de\/salda_bilar\/dodge-charger-383-727-1968-verkauft\/\",\"url\":\"https:\/\/oscarssonsbil.se\/de\/salda_bilar\/dodge-charger-383-727-1968-verkauft\/\",\"name\":\"Dodge Charger 383\/727 1968 (Verkauft) - Oscarssons Bilhandel i Mellerud AB\",\"isPartOf\":{\"@id\":\"https:\/\/oscarssonsbil.se\/de\/#website\"},\"primaryImageOfPage\":{\"@id\":\"https:\/\/oscarssonsbil.se\/de\/salda_bilar\/dodge-charger-383-727-1968-verkauft\/#primaryimage\"},\"image\":{\"@id\":\"https:\/\/oscarssonsbil.se\/de\/salda_bilar\/dodge-charger-383-727-1968-verkauft\/#primaryimage\"},\"thumbnailUrl\":\"https:\/\/oscarssonsbil.se\/wp-content\/uploads\/2025\/01\/6826b3fb.jpg\",\"datePublished\":\"2025-01-30T06:07:25+00:00\",\"dateModified\":\"2025-06-17T12:36:50+00:00\",\"breadcrumb\":{\"@id\":\"https:\/\/oscarssonsbil.se\/de\/salda_bilar\/dodge-charger-383-727-1968-verkauft\/#breadcrumb\"},\"inLanguage\":\"de\",\"potentialAction\":[{\"@type\":\"ReadAction\",\"target\":[\"https:\/\/oscarssonsbil.se\/de\/salda_bilar\/dodge-charger-383-727-1968-verkauft\/\"]}]},{\"@type\":\"ImageObject\",\"inLanguage\":\"de\",\"@id\":\"https:\/\/oscarssonsbil.se\/de\/salda_bilar\/dodge-charger-383-727-1968-verkauft\/#primaryimage\",\"url\":\"https:\/\/oscarssonsbil.se\/wp-content\/uploads\/2025\/01\/6826b3fb.jpg\",\"contentUrl\":\"https:\/\/oscarssonsbil.se\/wp-content\/uploads\/2025\/01\/6826b3fb.jpg\",\"width\":800,\"height\":600},{\"@type\":\"BreadcrumbList\",\"@id\":\"https:\/\/oscarssonsbil.se\/de\/salda_bilar\/dodge-charger-383-727-1968-verkauft\/#breadcrumb\",\"itemListElement\":[{\"@type\":\"ListItem\",\"position\":1,\"name\":\"Hem\",\"item\":\"https:\/\/oscarssonsbil.se\/de\/\"},{\"@type\":\"ListItem\",\"position\":2,\"name\":\"Dodge Charger 383\/727 1968 (Verkauft)\"}]},{\"@type\":\"WebSite\",\"@id\":\"https:\/\/oscarssonsbil.se\/de\/#website\",\"url\":\"https:\/\/oscarssonsbil.se\/de\/\",\"name\":\"Oscarssons Bilhandel i Mellerud AB\",\"description\":\"\",\"publisher\":{\"@id\":\"https:\/\/oscarssonsbil.se\/de\/#organization\"},\"potentialAction\":[{\"@type\":\"SearchAction\",\"target\":{\"@type\":\"EntryPoint\",\"urlTemplate\":\"https:\/\/oscarssonsbil.se\/de\/?s={search_term_string}\"},\"query-input\":{\"@type\":\"PropertyValueSpecification\",\"valueRequired\":true,\"valueName\":\"search_term_string\"}}],\"inLanguage\":\"de\"},{\"@type\":\"Organization\",\"@id\":\"https:\/\/oscarssonsbil.se\/de\/#organization\",\"name\":\"Oscarssons Bilhandel i Mellerud AB\",\"url\":\"https:\/\/oscarssonsbil.se\/de\/\",\"logo\":{\"@type\":\"ImageObject\",\"inLanguage\":\"de\",\"@id\":\"https:\/\/oscarssonsbil.se\/de\/#\/schema\/logo\/image\/\",\"url\":\"https:\/\/oscarssonsbil.se\/wp-content\/uploads\/2025\/02\/logo-no-nr.png\",\"contentUrl\":\"https:\/\/oscarssonsbil.se\/wp-content\/uploads\/2025\/02\/logo-no-nr.png\",\"width\":2316,\"height\":484,\"caption\":\"Oscarssons Bilhandel i Mellerud AB\"},\"image\":{\"@id\":\"https:\/\/oscarssonsbil.se\/de\/#\/schema\/logo\/image\/\"},\"sameAs\":[\"https:\/\/www.facebook.com\/OscarssonsBil\"]}]}<\/script>\n<!-- \/ Yoast SEO plugin. -->","yoast_head_json":{"title":"Dodge Charger 383\/727 1968 (Verkauft) - Oscarssons Bilhandel i Mellerud AB","robots":{"index":"index","follow":"follow","max-snippet":"max-snippet:-1","max-image-preview":"max-image-preview:large","max-video-preview":"max-video-preview:-1"},"canonical":"https:\/\/oscarssonsbil.se\/de\/salda_bilar\/dodge-charger-383-727-1968-verkauft\/","og_locale":"de_DE","og_type":"article","og_title":"Dodge Charger 383\/727 1968 (Verkauft) - Oscarssons Bilhandel i Mellerud AB","og_description":"Verkauft. 1968 Dodge Charger! Wei\u00df mit schwarzem Vinyldach und schwarzer Innenausstattung.383 \/ 727, separate Solar- und Bodenkonsole.Mit Edelbrock-Vergasern, Aluminium-Deckeln, neuer Z\u00fcndung, neuer Lichtmaschine Neuer Satz Scheibenbremsen vorne mit Bremskraftverst\u00e4rker, Lenkservo, elektrischer Vakuumpumpe f\u00fcr den Bremskraftverst\u00e4rkerDoppelte 3&#8243;-Auspuffanlage mit applizierten Schalld\u00e4mpfern und Ausschnitten, die den Wagen richtig gut klingen l\u00e4sst!Frontscheinwerfer umger\u00fcstet auf h4 mit led, so gut [&hellip;]","og_url":"https:\/\/oscarssonsbil.se\/de\/salda_bilar\/dodge-charger-383-727-1968-verkauft\/","og_site_name":"Oscarssons Bilhandel i Mellerud AB","article_publisher":"https:\/\/www.facebook.com\/OscarssonsBil","article_modified_time":"2025-06-17T12:36:50+00:00","og_image":[{"width":800,"height":600,"url":"https:\/\/oscarssonsbil.se\/wp-content\/uploads\/2025\/01\/6826b3fb.jpg","type":"image\/jpeg"}],"twitter_card":"summary_large_image","twitter_misc":{"Gesch\u00e4tzte Lesezeit":"2\u00a0Minuten"},"schema":{"@context":"https:\/\/schema.org","@graph":[{"@type":"WebPage","@id":"https:\/\/oscarssonsbil.se\/de\/salda_bilar\/dodge-charger-383-727-1968-verkauft\/","url":"https:\/\/oscarssonsbil.se\/de\/salda_bilar\/dodge-charger-383-727-1968-verkauft\/","name":"Dodge Charger 383\/727 1968 (Verkauft) - Oscarssons Bilhandel i Mellerud AB","isPartOf":{"@id":"https:\/\/oscarssonsbil.se\/de\/#website"},"primaryImageOfPage":{"@id":"https:\/\/oscarssonsbil.se\/de\/salda_bilar\/dodge-charger-383-727-1968-verkauft\/#primaryimage"},"image":{"@id":"https:\/\/oscarssonsbil.se\/de\/salda_bilar\/dodge-charger-383-727-1968-verkauft\/#primaryimage"},"thumbnailUrl":"https:\/\/oscarssonsbil.se\/wp-content\/uploads\/2025\/01\/6826b3fb.jpg","datePublished":"2025-01-30T06:07:25+00:00","dateModified":"2025-06-17T12:36:50+00:00","breadcrumb":{"@id":"https:\/\/oscarssonsbil.se\/de\/salda_bilar\/dodge-charger-383-727-1968-verkauft\/#breadcrumb"},"inLanguage":"de","potentialAction":[{"@type":"ReadAction","target":["https:\/\/oscarssonsbil.se\/de\/salda_bilar\/dodge-charger-383-727-1968-verkauft\/"]}]},{"@type":"ImageObject","inLanguage":"de","@id":"https:\/\/oscarssonsbil.se\/de\/salda_bilar\/dodge-charger-383-727-1968-verkauft\/#primaryimage","url":"https:\/\/oscarssonsbil.se\/wp-content\/uploads\/2025\/01\/6826b3fb.jpg","contentUrl":"https:\/\/oscarssonsbil.se\/wp-content\/uploads\/2025\/01\/6826b3fb.jpg","width":800,"height":600},{"@type":"BreadcrumbList","@id":"https:\/\/oscarssonsbil.se\/de\/salda_bilar\/dodge-charger-383-727-1968-verkauft\/#breadcrumb","itemListElement":[{"@type":"ListItem","position":1,"name":"Hem","item":"https:\/\/oscarssonsbil.se\/de\/"},{"@type":"ListItem","position":2,"name":"Dodge Charger 383\/727 1968 (Verkauft)"}]},{"@type":"WebSite","@id":"https:\/\/oscarssonsbil.se\/de\/#website","url":"https:\/\/oscarssonsbil.se\/de\/","name":"Oscarssons Bilhandel i Mellerud AB","description":"","publisher":{"@id":"https:\/\/oscarssonsbil.se\/de\/#organization"},"potentialAction":[{"@type":"SearchAction","target":{"@type":"EntryPoint","urlTemplate":"https:\/\/oscarssonsbil.se\/de\/?s={search_term_string}"},"query-input":{"@type":"PropertyValueSpecification","valueRequired":true,"valueName":"search_term_string"}}],"inLanguage":"de"},{"@type":"Organization","@id":"https:\/\/oscarssonsbil.se\/de\/#organization","name":"Oscarssons Bilhandel i Mellerud AB","url":"https:\/\/oscarssonsbil.se\/de\/","logo":{"@type":"ImageObject","inLanguage":"de","@id":"https:\/\/oscarssonsbil.se\/de\/#\/schema\/logo\/image\/","url":"https:\/\/oscarssonsbil.se\/wp-content\/uploads\/2025\/02\/logo-no-nr.png","contentUrl":"https:\/\/oscarssonsbil.se\/wp-content\/uploads\/2025\/02\/logo-no-nr.png","width":2316,"height":484,"caption":"Oscarssons Bilhandel i Mellerud AB"},"image":{"@id":"https:\/\/oscarssonsbil.se\/de\/#\/schema\/logo\/image\/"},"sameAs":["https:\/\/www.facebook.com\/OscarssonsBil"]}]}},"_links":{"self":[{"href":"https:\/\/oscarssonsbil.se\/de\/wp-json\/wp\/v2\/salda_bilar\/293695","targetHints":{"allow":["GET"]}}],"collection":[{"href":"https:\/\/oscarssonsbil.se\/de\/wp-json\/wp\/v2\/salda_bilar"}],"about":[{"href":"https:\/\/oscarssonsbil.se\/de\/wp-json\/wp\/v2\/types\/salda_bilar"}],"wp:featuredmedia":[{"embeddable":true,"href":"https:\/\/oscarssonsbil.se\/de\/wp-json\/wp\/v2\/media\/286903"}],"wp:attachment":[{"href":"https:\/\/oscarssonsbil.se\/de\/wp-json\/wp\/v2\/media?parent=293695"}],"curies":[{"name":"wp","href":"https:\/\/api.w.org\/{rel}","templated":true}]}}