{"id":293668,"date":"2025-01-30T07:07:25","date_gmt":"2025-01-30T06:07:25","guid":{"rendered":"https:\/\/oscarssonsbil.se\/salda_bilar\/cadillac-deville-cabrio-1964-verkauft\/"},"modified":"2025-06-17T14:37:56","modified_gmt":"2025-06-17T12:37:56","slug":"cadillac-deville-cabrio-1964-verkauft","status":"publish","type":"salda_bilar","link":"https:\/\/oscarssonsbil.se\/de\/salda_bilar\/cadillac-deville-cabrio-1964-verkauft\/","title":{"rendered":"Cadillac Deville Cabrio 1964 ( Verkauft )"},"content":{"rendered":"<p>  Verkauft.  <\/p>\n<p>Cadillac Deville Cabrio 1964.  <\/p>\n<p>Ein fantastisches Auto, das in diesem Zustand sehr selten zu finden ist und ebenfalls zum Verkauf steht!<\/p>\n<p>Aspenwhite mit k\u00f6stlicher roter Lederpolsterung \/ Innenausstattung und zusammen mit einem dunkelroten Canvascab wird es wirklich ansprechend!<br \/>Ausgestattet mit: Servolenkung. Servobremsen Klimaanlage Komfortsteuerung. Elektrisches Sofa. Elektrische Hebeb\u00fchne. Get\u00f6nte Fenster mit Sicherheitsverglasung. AM\/FM-Radio. Tag- und Nachtspiegel. Reifen mit korrekten wei\u00dfen Seitenw\u00e4nden!       <br \/>Der Kilometerz\u00e4hler zeigt 73309 Meilen = 11.729 Meilen an und wenn man den Zustand und das Gef\u00fchl des Autos betrachtet, spricht nichts dagegen!<br \/>Definitiv ein Auto, das man im echten Leben erleben muss!<br \/>Erschwinglicher Luxuskreuzer, der einen fantastischen Gesamteindruck vermittelt!<br \/>Willkommen in unserem Autohaus in Mellerud!<\/p>\n<p>F\u00fcr weitere Informationen rufen Sie Thomas unter 0530-40402 an.<\/p>\n<p>Oscarssons Bil AB wurde 1981 von Jan Oscarsson gegr\u00fcndet und wird heute, 42 Jahre sp\u00e4ter, immer noch von Jan und seinem Bruder Thomas Oscarsson und seinen Mitarbeitern gef\u00fchrt. Wir haben seit unserer Gr\u00fcndung etwa 13.000 Fahrzeuge verkauft und verf\u00fcgen \u00fcber die h\u00f6chste Kreditw\u00fcrdigkeit, so dass Sie sich vertrauensvoll an uns wenden k\u00f6nnen, wenn Sie Gesch\u00e4fte machen wollen!<\/p>\n<p>WIR KAUFEN, TAUSCHEN, VERKAUFEN, FINANZIEREN UND VERKAUFEN IHR AUTO F\u00dcR SIE, WENN SIE ES W\u00dcNSCHEN!<\/p>\n<p>Wenn Sie m\u00f6chten, k\u00f6nnen wir auch die Anzahlung organisieren!<\/p>\n<p>Wir konzentrieren uns jetzt auf wirklich sch\u00f6ne Autos aus den USA und andere Liebhaberfahrzeuge aus den Jahren 1950-1970, was unsere Leidenschaft, unser Hobby und unsere Arbeit ist!<br \/>Aber wir arbeiten auch mit neueren Transportern und Autos!<\/p>\n<p>Willkommen bei uns in Mellerud, das am V\u00e4nernsee auf halbem Weg zwischen Karlstad und G\u00f6teborg liegt!<\/p>\n<p>www.oscarssonsbil.se<\/p>\n<p>HINWEIS: Wir haben jetzt keine festen \u00d6ffnungszeiten, wir sind in der Regel wochentags von 10-17 Uhr vor Ort, aber wenn Sie etwas vorhaben, empfehlen wir Ihnen, uns vorher anzurufen unter 0530-40402.<br \/>Samstag-Sonntag geschlossen, aber wir buchen gerne Termine fr\u00fch, sp\u00e4t oder am Wochenende, wenn Sie ernsthaft auf etwas spekulieren!<\/p>\n","protected":false},"featured_media":287299,"template":"","class_list":["post-293668","salda_bilar","type-salda_bilar","status-publish","has-post-thumbnail","hentry"],"acf":[],"yoast_head":"<!-- This site is optimized with the Yoast SEO plugin v25.7 - https:\/\/yoast.com\/wordpress\/plugins\/seo\/ -->\n<title>Cadillac Deville Cabrio 1964 ( Verkauft ) - Oscarssons Bilhandel i Mellerud AB<\/title>\n<meta name=\"robots\" content=\"index, follow, max-snippet:-1, max-image-preview:large, max-video-preview:-1\" \/>\n<link rel=\"canonical\" href=\"https:\/\/oscarssonsbil.se\/de\/salda_bilar\/cadillac-deville-cabrio-1964-verkauft\/\" \/>\n<meta property=\"og:locale\" content=\"de_DE\" \/>\n<meta property=\"og:type\" content=\"article\" \/>\n<meta property=\"og:title\" content=\"Cadillac Deville Cabrio 1964 ( Verkauft ) - Oscarssons Bilhandel i Mellerud AB\" \/>\n<meta property=\"og:description\" content=\"Verkauft. Cadillac Deville Cabrio 1964. Ein fantastisches Auto, das in diesem Zustand sehr selten zu finden ist und ebenfalls zum Verkauf steht! Aspenwhite mit k\u00f6stlicher roter Lederpolsterung \/ Innenausstattung und zusammen mit einem dunkelroten Canvascab wird es wirklich ansprechend!Ausgestattet mit: Servolenkung. Servobremsen Klimaanlage Komfortsteuerung. Elektrisches Sofa. Elektrische Hebeb\u00fchne. Get\u00f6nte Fenster mit Sicherheitsverglasung. AM\/FM-Radio. Tag- und [&hellip;]\" \/>\n<meta property=\"og:url\" content=\"https:\/\/oscarssonsbil.se\/de\/salda_bilar\/cadillac-deville-cabrio-1964-verkauft\/\" \/>\n<meta property=\"og:site_name\" content=\"Oscarssons Bilhandel i Mellerud AB\" \/>\n<meta property=\"article:publisher\" content=\"https:\/\/www.facebook.com\/OscarssonsBil\" \/>\n<meta property=\"article:modified_time\" content=\"2025-06-17T12:37:56+00:00\" \/>\n<meta property=\"og:image\" content=\"https:\/\/oscarssonsbil.se\/wp-content\/uploads\/2025\/01\/99edae07.jpg\" \/>\n\t<meta property=\"og:image:width\" content=\"800\" \/>\n\t<meta property=\"og:image:height\" content=\"600\" \/>\n\t<meta property=\"og:image:type\" content=\"image\/jpeg\" \/>\n<meta name=\"twitter:card\" content=\"summary_large_image\" \/>\n<meta name=\"twitter:label1\" content=\"Gesch\u00e4tzte Lesezeit\" \/>\n\t<meta name=\"twitter:data1\" content=\"2\u00a0Minuten\" \/>\n<script type=\"application\/ld+json\" class=\"yoast-schema-graph\">{\"@context\":\"https:\/\/schema.org\",\"@graph\":[{\"@type\":\"WebPage\",\"@id\":\"https:\/\/oscarssonsbil.se\/de\/salda_bilar\/cadillac-deville-cabrio-1964-verkauft\/\",\"url\":\"https:\/\/oscarssonsbil.se\/de\/salda_bilar\/cadillac-deville-cabrio-1964-verkauft\/\",\"name\":\"Cadillac Deville Cabrio 1964 ( Verkauft ) - Oscarssons Bilhandel i Mellerud AB\",\"isPartOf\":{\"@id\":\"https:\/\/oscarssonsbil.se\/de\/#website\"},\"primaryImageOfPage\":{\"@id\":\"https:\/\/oscarssonsbil.se\/de\/salda_bilar\/cadillac-deville-cabrio-1964-verkauft\/#primaryimage\"},\"image\":{\"@id\":\"https:\/\/oscarssonsbil.se\/de\/salda_bilar\/cadillac-deville-cabrio-1964-verkauft\/#primaryimage\"},\"thumbnailUrl\":\"https:\/\/oscarssonsbil.se\/wp-content\/uploads\/2025\/01\/99edae07.jpg\",\"datePublished\":\"2025-01-30T06:07:25+00:00\",\"dateModified\":\"2025-06-17T12:37:56+00:00\",\"breadcrumb\":{\"@id\":\"https:\/\/oscarssonsbil.se\/de\/salda_bilar\/cadillac-deville-cabrio-1964-verkauft\/#breadcrumb\"},\"inLanguage\":\"de\",\"potentialAction\":[{\"@type\":\"ReadAction\",\"target\":[\"https:\/\/oscarssonsbil.se\/de\/salda_bilar\/cadillac-deville-cabrio-1964-verkauft\/\"]}]},{\"@type\":\"ImageObject\",\"inLanguage\":\"de\",\"@id\":\"https:\/\/oscarssonsbil.se\/de\/salda_bilar\/cadillac-deville-cabrio-1964-verkauft\/#primaryimage\",\"url\":\"https:\/\/oscarssonsbil.se\/wp-content\/uploads\/2025\/01\/99edae07.jpg\",\"contentUrl\":\"https:\/\/oscarssonsbil.se\/wp-content\/uploads\/2025\/01\/99edae07.jpg\",\"width\":800,\"height\":600},{\"@type\":\"BreadcrumbList\",\"@id\":\"https:\/\/oscarssonsbil.se\/de\/salda_bilar\/cadillac-deville-cabrio-1964-verkauft\/#breadcrumb\",\"itemListElement\":[{\"@type\":\"ListItem\",\"position\":1,\"name\":\"Hem\",\"item\":\"https:\/\/oscarssonsbil.se\/de\/\"},{\"@type\":\"ListItem\",\"position\":2,\"name\":\"Cadillac Deville Cabrio 1964 ( Verkauft )\"}]},{\"@type\":\"WebSite\",\"@id\":\"https:\/\/oscarssonsbil.se\/de\/#website\",\"url\":\"https:\/\/oscarssonsbil.se\/de\/\",\"name\":\"Oscarssons Bilhandel i Mellerud AB\",\"description\":\"\",\"publisher\":{\"@id\":\"https:\/\/oscarssonsbil.se\/de\/#organization\"},\"potentialAction\":[{\"@type\":\"SearchAction\",\"target\":{\"@type\":\"EntryPoint\",\"urlTemplate\":\"https:\/\/oscarssonsbil.se\/de\/?s={search_term_string}\"},\"query-input\":{\"@type\":\"PropertyValueSpecification\",\"valueRequired\":true,\"valueName\":\"search_term_string\"}}],\"inLanguage\":\"de\"},{\"@type\":\"Organization\",\"@id\":\"https:\/\/oscarssonsbil.se\/de\/#organization\",\"name\":\"Oscarssons Bilhandel i Mellerud AB\",\"url\":\"https:\/\/oscarssonsbil.se\/de\/\",\"logo\":{\"@type\":\"ImageObject\",\"inLanguage\":\"de\",\"@id\":\"https:\/\/oscarssonsbil.se\/de\/#\/schema\/logo\/image\/\",\"url\":\"https:\/\/oscarssonsbil.se\/wp-content\/uploads\/2025\/02\/logo-no-nr.png\",\"contentUrl\":\"https:\/\/oscarssonsbil.se\/wp-content\/uploads\/2025\/02\/logo-no-nr.png\",\"width\":2316,\"height\":484,\"caption\":\"Oscarssons Bilhandel i Mellerud AB\"},\"image\":{\"@id\":\"https:\/\/oscarssonsbil.se\/de\/#\/schema\/logo\/image\/\"},\"sameAs\":[\"https:\/\/www.facebook.com\/OscarssonsBil\"]}]}<\/script>\n<!-- \/ Yoast SEO plugin. -->","yoast_head_json":{"title":"Cadillac Deville Cabrio 1964 ( Verkauft ) - Oscarssons Bilhandel i Mellerud AB","robots":{"index":"index","follow":"follow","max-snippet":"max-snippet:-1","max-image-preview":"max-image-preview:large","max-video-preview":"max-video-preview:-1"},"canonical":"https:\/\/oscarssonsbil.se\/de\/salda_bilar\/cadillac-deville-cabrio-1964-verkauft\/","og_locale":"de_DE","og_type":"article","og_title":"Cadillac Deville Cabrio 1964 ( Verkauft ) - Oscarssons Bilhandel i Mellerud AB","og_description":"Verkauft. Cadillac Deville Cabrio 1964. Ein fantastisches Auto, das in diesem Zustand sehr selten zu finden ist und ebenfalls zum Verkauf steht! Aspenwhite mit k\u00f6stlicher roter Lederpolsterung \/ Innenausstattung und zusammen mit einem dunkelroten Canvascab wird es wirklich ansprechend!Ausgestattet mit: Servolenkung. Servobremsen Klimaanlage Komfortsteuerung. Elektrisches Sofa. Elektrische Hebeb\u00fchne. Get\u00f6nte Fenster mit Sicherheitsverglasung. AM\/FM-Radio. Tag- und [&hellip;]","og_url":"https:\/\/oscarssonsbil.se\/de\/salda_bilar\/cadillac-deville-cabrio-1964-verkauft\/","og_site_name":"Oscarssons Bilhandel i Mellerud AB","article_publisher":"https:\/\/www.facebook.com\/OscarssonsBil","article_modified_time":"2025-06-17T12:37:56+00:00","og_image":[{"width":800,"height":600,"url":"https:\/\/oscarssonsbil.se\/wp-content\/uploads\/2025\/01\/99edae07.jpg","type":"image\/jpeg"}],"twitter_card":"summary_large_image","twitter_misc":{"Gesch\u00e4tzte Lesezeit":"2\u00a0Minuten"},"schema":{"@context":"https:\/\/schema.org","@graph":[{"@type":"WebPage","@id":"https:\/\/oscarssonsbil.se\/de\/salda_bilar\/cadillac-deville-cabrio-1964-verkauft\/","url":"https:\/\/oscarssonsbil.se\/de\/salda_bilar\/cadillac-deville-cabrio-1964-verkauft\/","name":"Cadillac Deville Cabrio 1964 ( Verkauft ) - Oscarssons Bilhandel i Mellerud AB","isPartOf":{"@id":"https:\/\/oscarssonsbil.se\/de\/#website"},"primaryImageOfPage":{"@id":"https:\/\/oscarssonsbil.se\/de\/salda_bilar\/cadillac-deville-cabrio-1964-verkauft\/#primaryimage"},"image":{"@id":"https:\/\/oscarssonsbil.se\/de\/salda_bilar\/cadillac-deville-cabrio-1964-verkauft\/#primaryimage"},"thumbnailUrl":"https:\/\/oscarssonsbil.se\/wp-content\/uploads\/2025\/01\/99edae07.jpg","datePublished":"2025-01-30T06:07:25+00:00","dateModified":"2025-06-17T12:37:56+00:00","breadcrumb":{"@id":"https:\/\/oscarssonsbil.se\/de\/salda_bilar\/cadillac-deville-cabrio-1964-verkauft\/#breadcrumb"},"inLanguage":"de","potentialAction":[{"@type":"ReadAction","target":["https:\/\/oscarssonsbil.se\/de\/salda_bilar\/cadillac-deville-cabrio-1964-verkauft\/"]}]},{"@type":"ImageObject","inLanguage":"de","@id":"https:\/\/oscarssonsbil.se\/de\/salda_bilar\/cadillac-deville-cabrio-1964-verkauft\/#primaryimage","url":"https:\/\/oscarssonsbil.se\/wp-content\/uploads\/2025\/01\/99edae07.jpg","contentUrl":"https:\/\/oscarssonsbil.se\/wp-content\/uploads\/2025\/01\/99edae07.jpg","width":800,"height":600},{"@type":"BreadcrumbList","@id":"https:\/\/oscarssonsbil.se\/de\/salda_bilar\/cadillac-deville-cabrio-1964-verkauft\/#breadcrumb","itemListElement":[{"@type":"ListItem","position":1,"name":"Hem","item":"https:\/\/oscarssonsbil.se\/de\/"},{"@type":"ListItem","position":2,"name":"Cadillac Deville Cabrio 1964 ( Verkauft )"}]},{"@type":"WebSite","@id":"https:\/\/oscarssonsbil.se\/de\/#website","url":"https:\/\/oscarssonsbil.se\/de\/","name":"Oscarssons Bilhandel i Mellerud AB","description":"","publisher":{"@id":"https:\/\/oscarssonsbil.se\/de\/#organization"},"potentialAction":[{"@type":"SearchAction","target":{"@type":"EntryPoint","urlTemplate":"https:\/\/oscarssonsbil.se\/de\/?s={search_term_string}"},"query-input":{"@type":"PropertyValueSpecification","valueRequired":true,"valueName":"search_term_string"}}],"inLanguage":"de"},{"@type":"Organization","@id":"https:\/\/oscarssonsbil.se\/de\/#organization","name":"Oscarssons Bilhandel i Mellerud AB","url":"https:\/\/oscarssonsbil.se\/de\/","logo":{"@type":"ImageObject","inLanguage":"de","@id":"https:\/\/oscarssonsbil.se\/de\/#\/schema\/logo\/image\/","url":"https:\/\/oscarssonsbil.se\/wp-content\/uploads\/2025\/02\/logo-no-nr.png","contentUrl":"https:\/\/oscarssonsbil.se\/wp-content\/uploads\/2025\/02\/logo-no-nr.png","width":2316,"height":484,"caption":"Oscarssons Bilhandel i Mellerud AB"},"image":{"@id":"https:\/\/oscarssonsbil.se\/de\/#\/schema\/logo\/image\/"},"sameAs":["https:\/\/www.facebook.com\/OscarssonsBil"]}]}},"_links":{"self":[{"href":"https:\/\/oscarssonsbil.se\/de\/wp-json\/wp\/v2\/salda_bilar\/293668","targetHints":{"allow":["GET"]}}],"collection":[{"href":"https:\/\/oscarssonsbil.se\/de\/wp-json\/wp\/v2\/salda_bilar"}],"about":[{"href":"https:\/\/oscarssonsbil.se\/de\/wp-json\/wp\/v2\/types\/salda_bilar"}],"wp:featuredmedia":[{"embeddable":true,"href":"https:\/\/oscarssonsbil.se\/de\/wp-json\/wp\/v2\/media\/287299"}],"wp:attachment":[{"href":"https:\/\/oscarssonsbil.se\/de\/wp-json\/wp\/v2\/media?parent=293668"}],"curies":[{"name":"wp","href":"https:\/\/api.w.org\/{rel}","templated":true}]}}